{"id":27216,"date":"2022-12-15T13:00:14","date_gmt":"2022-12-15T13:00:14","guid":{"rendered":"https:\/\/talenti.si\/senza-categoria\/zaino-in-velluto-melimelos\/"},"modified":"2023-07-27T07:23:04","modified_gmt":"2023-07-27T07:23:04","slug":"zaino-in-velluto-melimelos","status":"publish","type":"product","link":"https:\/\/talenti.si\/it\/varie\/zaini-e-accessori-per-bambini\/zaino-in-velluto-melimelos\/","title":{"rendered":"Zaino in velluto M\u00e9lim\u00e9los"},"content":{"rendered":"<p><strong>I D\u00e9glingos sono perfetti per accompagnare il bambino dalla nascita fino alla scuola materna!<\/strong><\/p>\n<p>Il piccolo sacchetto ideale per l&#8217;asilo.<br \/>\nCon le sue larghe bretelle regolabili in cotone stampato e la sua bella maniglia imbottita, lo zaino in velluto \u00e8 facile e pratico da trasportare! Il suo design adorabile piacer\u00e0 moltissimo ai bambini, che potranno portarlo sul dorso o con la mano grazie alla sua maniglia. Grazie alla sua chiusura con zip, non c&#8217;\u00e8 rischio di perdere il peluche o la merenda! Questo zainetto \u00e8 molto resistente e si lava facilmente per seguire i tuoi bambini nelle loro avventure quotidiane!<\/p>\n<div class=\"video-container responsive-embed widescreen\"><iframe loading=\"lazy\" title=\"Des sacs rigolos !\" width=\"900\" height=\"506\" src=\"https:\/\/www.youtube.com\/embed\/EHnAKWw-3eI?feature=oembed\" frameborder=\"0\" allow=\"accelerometer; autoplay; clipboard-write; encrypted-media; gyroscope; picture-in-picture; web-share\" allowfullscreen><\/iframe><\/div>\n<p><strong>Caratteristiche:<\/strong><\/p>\n<ul>\n<li>Dimensioni: <strong>25<\/strong> x<strong> 7<\/strong> x <strong>33<\/strong> cm<\/li>\n<li>Materiali &#8211; <strong>cotone, poliestere, velluto<\/strong>; rivestimento interno &#8211; <strong>poliestere riciclato<\/strong><\/li>\n<li>Consigli d\u2019uso: lavabile in lavatrice in acqua fredda, asciugare all&#8217;aria<\/li>\n<li>Et\u00e0 consigliata: <b>18+ mesi<\/b><\/li>\n<li>Made <strong>in France<\/strong><\/li>\n<\/ul>\n","protected":false},"excerpt":{"rendered":"<p>I D\u00e9glingos sono perfetti per accompagnare il bambino dalla nascita fino alla scuola materna! Il piccolo sacchetto ideale per l&#8217;asilo. Con le sue larghe bretelle regolabili in cotone stampato e la sua bella maniglia imbottita, lo zaino in velluto \u00e8 facile e pratico da trasportare! Il suo design adorabile piacer\u00e0 moltissimo ai bambini, che potranno [&hellip;]<\/p>\n","protected":false},"featured_media":20683,"comment_status":"open","ping_status":"closed","template":"","meta":{"_acf_changed":false},"pwb-brand":[2083],"product_brand":[],"product_cat":[1756],"product_tag":[3142,2949,3140,3143,3168,3141],"class_list":{"0":"post-27216","1":"product","2":"type-product","3":"status-publish","4":"has-post-thumbnail","6":"pwb-brand-les-deglingos-it","7":"product_cat-zaini-e-accessori-per-bambini","8":"product_tag-asilo","9":"product_tag-bambini-it","10":"product_tag-les-deglingos-it","11":"product_tag-scuola","12":"product_tag-velluto-it-2","13":"product_tag-zaino","15":"first","16":"outofstock","17":"taxable","18":"shipping-taxable","19":"purchasable","20":"product-type-simple"},"acf":[],"yoast_head":"<!-- This site is optimized with the Yoast SEO plugin v25.8 - https:\/\/yoast.com\/wordpress\/plugins\/seo\/ -->\n<title>Zaino in velluto M\u00e9lim\u00e9los - Talenti.si<\/title>\n<meta name=\"description\" content=\"I D\u00e9glingos sono perfetti per accompagnare il bambino dalla nascita fino alla scuola materna! Il suo design adorabile piacer\u00e0 moltissimo ai bambini, che potranno portarlo sul dorso o con la mano grazie alla sua maniglia. i tuoi bambini nelle loro avventure quotidiane! i tuoi bambini nelle loro avventure quotidiane!\" \/>\n<meta name=\"robots\" content=\"index, follow, max-snippet:-1, max-image-preview:large, max-video-preview:-1\" \/>\n<link rel=\"canonical\" href=\"https:\/\/talenti.si\/it\/varie\/zaini-e-accessori-per-bambini\/zaino-in-velluto-melimelos\/\" \/>\n<meta property=\"og:locale\" content=\"it_IT\" \/>\n<meta property=\"og:type\" content=\"article\" \/>\n<meta property=\"og:title\" content=\"Zaino in velluto M\u00e9lim\u00e9los - Talenti.si\" \/>\n<meta property=\"og:description\" content=\"I D\u00e9glingos sono perfetti per accompagnare il bambino dalla nascita fino alla scuola materna! Il suo design adorabile piacer\u00e0 moltissimo ai bambini, che potranno portarlo sul dorso o con la mano grazie alla sua maniglia. i tuoi bambini nelle loro avventure quotidiane! i tuoi bambini nelle loro avventure quotidiane!\" \/>\n<meta property=\"og:url\" content=\"https:\/\/talenti.si\/it\/varie\/zaini-e-accessori-per-bambini\/zaino-in-velluto-melimelos\/\" \/>\n<meta property=\"og:site_name\" content=\"Talenti.si\" \/>\n<meta property=\"article:modified_time\" content=\"2023-07-27T07:23:04+00:00\" \/>\n<meta property=\"og:image\" content=\"https:\/\/talenti.si\/wp-content\/uploads\/2022\/12\/zametni-nahrbtnik-jelen.webp\" \/>\n\t<meta property=\"og:image:width\" content=\"540\" \/>\n\t<meta property=\"og:image:height\" content=\"540\" \/>\n\t<meta property=\"og:image:type\" content=\"image\/webp\" \/>\n<meta name=\"twitter:card\" content=\"summary_large_image\" \/>\n<meta name=\"twitter:label1\" content=\"Tempo di lettura stimato\" \/>\n\t<meta name=\"twitter:data1\" content=\"1 minuto\" \/>\n<script type=\"application\/ld+json\" class=\"yoast-schema-graph\">{\"@context\":\"https:\/\/schema.org\",\"@graph\":[{\"@type\":\"WebPage\",\"@id\":\"https:\/\/talenti.si\/it\/varie\/zaini-e-accessori-per-bambini\/zaino-in-velluto-melimelos\/\",\"url\":\"https:\/\/talenti.si\/it\/varie\/zaini-e-accessori-per-bambini\/zaino-in-velluto-melimelos\/\",\"name\":\"Zaino in velluto M\u00e9lim\u00e9los - Talenti.si\",\"isPartOf\":{\"@id\":\"https:\/\/talenti.si\/it\/#website\"},\"primaryImageOfPage\":{\"@id\":\"https:\/\/talenti.si\/it\/varie\/zaini-e-accessori-per-bambini\/zaino-in-velluto-melimelos\/#primaryimage\"},\"image\":{\"@id\":\"https:\/\/talenti.si\/it\/varie\/zaini-e-accessori-per-bambini\/zaino-in-velluto-melimelos\/#primaryimage\"},\"thumbnailUrl\":\"https:\/\/talenti.si\/wp-content\/uploads\/2022\/12\/zametni-nahrbtnik-jelen.webp\",\"datePublished\":\"2022-12-15T13:00:14+00:00\",\"dateModified\":\"2023-07-27T07:23:04+00:00\",\"description\":\"I D\u00e9glingos sono perfetti per accompagnare il bambino dalla nascita fino alla scuola materna! Il suo design adorabile piacer\u00e0 moltissimo ai bambini, che potranno portarlo sul dorso o con la mano grazie alla sua maniglia. i tuoi bambini nelle loro avventure quotidiane! i tuoi bambini nelle loro avventure quotidiane!\",\"breadcrumb\":{\"@id\":\"https:\/\/talenti.si\/it\/varie\/zaini-e-accessori-per-bambini\/zaino-in-velluto-melimelos\/#breadcrumb\"},\"inLanguage\":\"it-IT\",\"potentialAction\":[{\"@type\":\"ReadAction\",\"target\":[\"https:\/\/talenti.si\/it\/varie\/zaini-e-accessori-per-bambini\/zaino-in-velluto-melimelos\/\"]}]},{\"@type\":\"ImageObject\",\"inLanguage\":\"it-IT\",\"@id\":\"https:\/\/talenti.si\/it\/varie\/zaini-e-accessori-per-bambini\/zaino-in-velluto-melimelos\/#primaryimage\",\"url\":\"https:\/\/talenti.si\/wp-content\/uploads\/2022\/12\/zametni-nahrbtnik-jelen.webp\",\"contentUrl\":\"https:\/\/talenti.si\/wp-content\/uploads\/2022\/12\/zametni-nahrbtnik-jelen.webp\",\"width\":540,\"height\":540},{\"@type\":\"BreadcrumbList\",\"@id\":\"https:\/\/talenti.si\/it\/varie\/zaini-e-accessori-per-bambini\/zaino-in-velluto-melimelos\/#breadcrumb\",\"itemListElement\":[{\"@type\":\"ListItem\",\"position\":1,\"name\":\"Home\",\"item\":\"https:\/\/talenti.si\/it\/\"},{\"@type\":\"ListItem\",\"position\":2,\"name\":\"Negozio\",\"item\":\"https:\/\/talenti.si\/it\/negozio\/\"},{\"@type\":\"ListItem\",\"position\":3,\"name\":\"Zaino in velluto M\u00e9lim\u00e9los\"}]},{\"@type\":\"WebSite\",\"@id\":\"https:\/\/talenti.si\/it\/#website\",\"url\":\"https:\/\/talenti.si\/it\/\",\"name\":\"Talenti.si\",\"description\":\"Spletna trgovina za vse \u017eonglerje in podobne talente. Vse za \u017eongliranje, yoyo, frizbi, bumerang, kite... in \u0161e in \u0161e.\",\"publisher\":{\"@id\":\"https:\/\/talenti.si\/it\/#organization\"},\"potentialAction\":[{\"@type\":\"SearchAction\",\"target\":{\"@type\":\"EntryPoint\",\"urlTemplate\":\"https:\/\/talenti.si\/it\/?s={search_term_string}\"},\"query-input\":{\"@type\":\"PropertyValueSpecification\",\"valueRequired\":true,\"valueName\":\"search_term_string\"}}],\"inLanguage\":\"it-IT\"},{\"@type\":\"Organization\",\"@id\":\"https:\/\/talenti.si\/it\/#organization\",\"name\":\"Talenti.si\",\"url\":\"https:\/\/talenti.si\/it\/\",\"logo\":{\"@type\":\"ImageObject\",\"inLanguage\":\"it-IT\",\"@id\":\"https:\/\/talenti.si\/it\/#\/schema\/logo\/image\/\",\"url\":\"https:\/\/talenti.si\/wp-content\/uploads\/2021\/12\/logo-talent-pravi-dark.png\",\"contentUrl\":\"https:\/\/talenti.si\/wp-content\/uploads\/2021\/12\/logo-talent-pravi-dark.png\",\"width\":145,\"height\":83,\"caption\":\"Talenti.si\"},\"image\":{\"@id\":\"https:\/\/talenti.si\/it\/#\/schema\/logo\/image\/\"}}]}<\/script>\n<!-- \/ Yoast SEO plugin. -->","yoast_head_json":{"title":"Zaino in velluto M\u00e9lim\u00e9los - Talenti.si","description":"I D\u00e9glingos sono perfetti per accompagnare il bambino dalla nascita fino alla scuola materna! Il suo design adorabile piacer\u00e0 moltissimo ai bambini, che potranno portarlo sul dorso o con la mano grazie alla sua maniglia. i tuoi bambini nelle loro avventure quotidiane! i tuoi bambini nelle loro avventure quotidiane!","robots":{"index":"index","follow":"follow","max-snippet":"max-snippet:-1","max-image-preview":"max-image-preview:large","max-video-preview":"max-video-preview:-1"},"canonical":"https:\/\/talenti.si\/it\/varie\/zaini-e-accessori-per-bambini\/zaino-in-velluto-melimelos\/","og_locale":"it_IT","og_type":"article","og_title":"Zaino in velluto M\u00e9lim\u00e9los - Talenti.si","og_description":"I D\u00e9glingos sono perfetti per accompagnare il bambino dalla nascita fino alla scuola materna! Il suo design adorabile piacer\u00e0 moltissimo ai bambini, che potranno portarlo sul dorso o con la mano grazie alla sua maniglia. i tuoi bambini nelle loro avventure quotidiane! i tuoi bambini nelle loro avventure quotidiane!","og_url":"https:\/\/talenti.si\/it\/varie\/zaini-e-accessori-per-bambini\/zaino-in-velluto-melimelos\/","og_site_name":"Talenti.si","article_modified_time":"2023-07-27T07:23:04+00:00","og_image":[{"width":540,"height":540,"url":"https:\/\/talenti.si\/wp-content\/uploads\/2022\/12\/zametni-nahrbtnik-jelen.webp","type":"image\/webp"}],"twitter_card":"summary_large_image","twitter_misc":{"Tempo di lettura stimato":"1 minuto"},"schema":{"@context":"https:\/\/schema.org","@graph":[{"@type":"WebPage","@id":"https:\/\/talenti.si\/it\/varie\/zaini-e-accessori-per-bambini\/zaino-in-velluto-melimelos\/","url":"https:\/\/talenti.si\/it\/varie\/zaini-e-accessori-per-bambini\/zaino-in-velluto-melimelos\/","name":"Zaino in velluto M\u00e9lim\u00e9los - Talenti.si","isPartOf":{"@id":"https:\/\/talenti.si\/it\/#website"},"primaryImageOfPage":{"@id":"https:\/\/talenti.si\/it\/varie\/zaini-e-accessori-per-bambini\/zaino-in-velluto-melimelos\/#primaryimage"},"image":{"@id":"https:\/\/talenti.si\/it\/varie\/zaini-e-accessori-per-bambini\/zaino-in-velluto-melimelos\/#primaryimage"},"thumbnailUrl":"https:\/\/talenti.si\/wp-content\/uploads\/2022\/12\/zametni-nahrbtnik-jelen.webp","datePublished":"2022-12-15T13:00:14+00:00","dateModified":"2023-07-27T07:23:04+00:00","description":"I D\u00e9glingos sono perfetti per accompagnare il bambino dalla nascita fino alla scuola materna! Il suo design adorabile piacer\u00e0 moltissimo ai bambini, che potranno portarlo sul dorso o con la mano grazie alla sua maniglia. i tuoi bambini nelle loro avventure quotidiane! i tuoi bambini nelle loro avventure quotidiane!","breadcrumb":{"@id":"https:\/\/talenti.si\/it\/varie\/zaini-e-accessori-per-bambini\/zaino-in-velluto-melimelos\/#breadcrumb"},"inLanguage":"it-IT","potentialAction":[{"@type":"ReadAction","target":["https:\/\/talenti.si\/it\/varie\/zaini-e-accessori-per-bambini\/zaino-in-velluto-melimelos\/"]}]},{"@type":"ImageObject","inLanguage":"it-IT","@id":"https:\/\/talenti.si\/it\/varie\/zaini-e-accessori-per-bambini\/zaino-in-velluto-melimelos\/#primaryimage","url":"https:\/\/talenti.si\/wp-content\/uploads\/2022\/12\/zametni-nahrbtnik-jelen.webp","contentUrl":"https:\/\/talenti.si\/wp-content\/uploads\/2022\/12\/zametni-nahrbtnik-jelen.webp","width":540,"height":540},{"@type":"BreadcrumbList","@id":"https:\/\/talenti.si\/it\/varie\/zaini-e-accessori-per-bambini\/zaino-in-velluto-melimelos\/#breadcrumb","itemListElement":[{"@type":"ListItem","position":1,"name":"Home","item":"https:\/\/talenti.si\/it\/"},{"@type":"ListItem","position":2,"name":"Negozio","item":"https:\/\/talenti.si\/it\/negozio\/"},{"@type":"ListItem","position":3,"name":"Zaino in velluto M\u00e9lim\u00e9los"}]},{"@type":"WebSite","@id":"https:\/\/talenti.si\/it\/#website","url":"https:\/\/talenti.si\/it\/","name":"Talenti.si","description":"Spletna trgovina za vse \u017eonglerje in podobne talente. Vse za \u017eongliranje, yoyo, frizbi, bumerang, kite... in \u0161e in \u0161e.","publisher":{"@id":"https:\/\/talenti.si\/it\/#organization"},"potentialAction":[{"@type":"SearchAction","target":{"@type":"EntryPoint","urlTemplate":"https:\/\/talenti.si\/it\/?s={search_term_string}"},"query-input":{"@type":"PropertyValueSpecification","valueRequired":true,"valueName":"search_term_string"}}],"inLanguage":"it-IT"},{"@type":"Organization","@id":"https:\/\/talenti.si\/it\/#organization","name":"Talenti.si","url":"https:\/\/talenti.si\/it\/","logo":{"@type":"ImageObject","inLanguage":"it-IT","@id":"https:\/\/talenti.si\/it\/#\/schema\/logo\/image\/","url":"https:\/\/talenti.si\/wp-content\/uploads\/2021\/12\/logo-talent-pravi-dark.png","contentUrl":"https:\/\/talenti.si\/wp-content\/uploads\/2021\/12\/logo-talent-pravi-dark.png","width":145,"height":83,"caption":"Talenti.si"},"image":{"@id":"https:\/\/talenti.si\/it\/#\/schema\/logo\/image\/"}}]}},"brands":[{"id":2083,"name":"Les D\u00e9glingos","slug":"les-deglingos-it"}],"_links":{"self":[{"href":"https:\/\/talenti.si\/it\/wp-json\/wp\/v2\/product\/27216","targetHints":{"allow":["GET"]}}],"collection":[{"href":"https:\/\/talenti.si\/it\/wp-json\/wp\/v2\/product"}],"about":[{"href":"https:\/\/talenti.si\/it\/wp-json\/wp\/v2\/types\/product"}],"replies":[{"embeddable":true,"href":"https:\/\/talenti.si\/it\/wp-json\/wp\/v2\/comments?post=27216"}],"wp:featuredmedia":[{"embeddable":true,"href":"https:\/\/talenti.si\/it\/wp-json\/wp\/v2\/media\/20683"}],"wp:attachment":[{"href":"https:\/\/talenti.si\/it\/wp-json\/wp\/v2\/media?parent=27216"}],"wp:term":[{"taxonomy":"pwb-brand","embeddable":true,"href":"https:\/\/talenti.si\/it\/wp-json\/wp\/v2\/pwb-brand?post=27216"},{"taxonomy":"product_brand","embeddable":true,"href":"https:\/\/talenti.si\/it\/wp-json\/wp\/v2\/product_brand?post=27216"},{"taxonomy":"product_cat","embeddable":true,"href":"https:\/\/talenti.si\/it\/wp-json\/wp\/v2\/product_cat?post=27216"},{"taxonomy":"product_tag","embeddable":true,"href":"https:\/\/talenti.si\/it\/wp-json\/wp\/v2\/product_tag?post=27216"}],"curies":[{"name":"wp","href":"https:\/\/api.w.org\/{rel}","templated":true}]}}